{"id":238,"date":"2022-04-12T12:37:37","date_gmt":"2022-04-12T10:37:37","guid":{"rendered":"https:\/\/www.spolocenstvosne.sk\/?page_id=238"},"modified":"2026-01-14T10:12:16","modified_gmt":"2026-01-14T09:12:16","slug":"co-robime-2","status":"publish","type":"page","link":"https:\/\/www.spolocenstvosne.sk\/?page_id=238","title":{"rendered":"\u010co rob\u00edme"},"content":{"rendered":"\n<h2 class=\"wp-block-heading alignwide\"><strong>Modlitba, Bo\u017eie slovo,&nbsp;vz\u0165ahy<\/strong><\/h2>\n\n\n<div class=\"wp-block-image is-resized\">\n<figure class=\"alignleft\"><img decoding=\"async\" src=\"https:\/\/spolocenstvonovejevanjelizacie.files.wordpress.com\/2020\/05\/hero.jpg?w=93\" alt=\"\" style=\"width:244px;height:auto\"\/><\/figure>\n<\/div>\n\n\n<p><strong>V na\u0161ich priestoroch Nemocni\u010dn\u00e1 1 sa spolo\u010dne stret\u00e1vame ka\u017ed\u00fd de\u0148 po\u010das \u0161kolsk\u00e9ho roka od 10:00 do 12:00<\/strong>&nbsp;<em>a modl\u00edme sa za na\u0161u farnos\u0165, k\u0148azov, prim\u00e1tora, na\u0161e mesto, zdravotn\u00edctvo, \u0161kolstvo, \u00farady \u2026&nbsp;<\/em><strong>Ste pozvan\u00ed by\u0165 \u00fa\u010dastn\u00ed t\u00fdchto modlitieb spolu s nam<\/strong>i.<\/p>\n\n\n\n<p><\/p>\n\n\n<div class=\"wp-block-image\">\n<figure class=\"alignleft is-resized\"><img decoding=\"async\" src=\"https:\/\/spolocenstvonovejevanjelizacie.files.wordpress.com\/2020\/06\/27657271_10213508085047833_5888743937200746567_n-1.jpg?w=92\" alt=\"\" class=\"wp-image-321\" style=\"aspect-ratio:1.3615819209039548;width:246px;height:auto\"\/><\/figure>\n<\/div>\n\n\n<p><strong>D\u00e1mska jazda<\/strong>&nbsp;\u2013&nbsp;Stret\u00e1vame sa&nbsp;<strong>v na\u0161ich priestoroch Nemocni\u010dn\u00e1 1<\/strong>,&nbsp;<em>kde m\u00e1me spolo\u010dne chv\u00e1ly, modlitbu, zdie\u013eanie a nejak\u00e9 slovko na povzbudenie. Stretnutie je pre \u017eeny v akomko\u013evek veku.&nbsp;<\/em><strong>Viac info ako aj d\u00e1tum a \u010das strentutia n\u00e1jde\u0161 na Facebooku<\/strong><\/p>\n\n\n\n<p class=\"has-normal-font-size\"><a href=\"https:\/\/www.facebook.com\/profile.php?id=61583688866431\"><strong>https:\/\/www.facebook.com\/profile.php?id=61583688866431<\/strong><\/a><\/p>\n\n\n\n<div class=\"wp-block-group is-nowrap is-layout-flex wp-container-core-group-is-layout-ad2f72ca wp-block-group-is-layout-flex\">\n<p><\/p>\n<\/div>\n\n\n\n<h2 class=\"wp-block-heading alignwide\"><strong><mark style=\"background-color:rgba(0, 0, 0, 0)\" class=\"has-inline-color has-primary-color\">Pravidelne organizujeme aj r\u00f4zne podujatia, semin\u00e1re, v\u00edkendovky a forma\u010dn\u00e9 kurzy<\/mark><\/strong><\/h2>\n\n\n\n<h6 class=\"wp-block-heading alignwide\" style=\"font-style:italic;font-weight:400;text-transform:capitalize\"><strong>V\u00edkednovky pre slobodn\u00fdch kres\u0165anov nad 28 rokov<\/strong><\/h6>\n\n\n<div class=\"wp-block-image wp-block-image alignleft is-resized\">\n<figure ><img decoding=\"async\" src=\"https:\/\/spolocenstvonovejevanjelizacie.files.wordpress.com\/2020\/05\/97274111_1111541295870593_5931053689191006208_n.jpg?w=960\" alt=\"\" class=\"wp-image-188\" style=\"width:237px;height:auto\"\/><\/figure>\n<\/div>\n\n\n<p><em>Prostredn\u00edctvom prirodzene tr\u00e1ven\u00e9ho vo\u013en\u00e9ho \u010dasu chceme:<br>\u2013 da\u0165 mo\u017enos\u0165 pre vznik nov\u00fdch priate\u013estiev a zozn\u00e1men\u00ed sa<br>\u2013 za\u017ei\u0165 oddych od v\u0161edn\u00fdch dn\u00ed v pr\u00edjemnom prostred\u00ed<\/em> <\/p>\n\n\n\n<p><strong>Viac info tu:&nbsp;<a href=\"https:\/\/www.facebook.com\/Slobodn%C3%AD-28-263686510656080\/?tn-str=k*F\">https:\/\/www.facebook.com\/Slobodn%C3%AD-28-263686510656080\/?tn-str=k*F<\/a><\/strong><\/p>\n\n\n\n<p><\/p>\n\n\n\n<h6 class=\"wp-block-heading alignwide\" style=\"font-style:italic;font-weight:400;text-transform:capitalize\"><strong>Kurzy&nbsp;<em>man\u017eelstvo misia mo\u017en\u00e1<\/em>&nbsp;( mmm 1, 2 a 3, v pr\u00edprave mmm \u0161peci\u00e1l )<\/strong><\/h6>\n\n\n<div class=\"wp-block-image wp-block-image alignleft is-resized\">\n<figure ><img decoding=\"async\" src=\"https:\/\/spolocenstvonovejevanjelizacie.files.wordpress.com\/2020\/05\/34840507_2164045133827988_7444299022669447168_o.jpg?w=960\" alt=\"\" class=\"wp-image-189\" style=\"aspect-ratio:1.3097205824478553;width:234px;height:auto\"\/><\/figure>\n<\/div>\n\n\n<p><em>V\u00edkendov\u00e9 kurzy pre man\u017eelov, ktor\u00e9 na seba nadv\u00e4zuj\u00fa. Obsahuj\u00fa svedectv\u00e1, sv. om\u0161u, modlitby pr\u00edhovoru a modlitby chv\u00e1l. Veden\u00e9 s\u00fa dlhoro\u010dn\u00fdmi man\u017eelsk\u00fdmi p\u00e1rmi, ktor\u00e9 sa delia o svoje sk\u00fasenosti, radosti a aj starosti ich man\u017eelsk\u00fdch a rodinn\u00fdch \u017eivotov. Svojimi svedectvami povzbudzuj\u00fa rodiny k tomu, \u017ee s Bohom sa d\u00e1 zvl\u00e1dnu\u0165 v\u0161etko.<\/em> <\/p>\n\n\n\n<p><strong>Viac info tu:&nbsp;<a href=\"https:\/\/www.facebook.com\/Face-to-face-1442709155961593\/\">https:\/\/www.facebook.com\/Face-to-face-1442709155961593\/<\/a><\/strong><\/p>\n\n\n\n<h6 class=\"wp-block-heading alignwide\" style=\"font-style:italic;font-weight:400;text-transform:capitalize\"><strong>Crescendo Slovensko<\/strong><\/h6>\n\n\n<div class=\"wp-block-image wp-block-image alignleft is-resized\">\n<figure ><img decoding=\"async\" src=\"https:\/\/spolocenstvonovejevanjelizacie.files.wordpress.com\/2020\/05\/90507785_679793596163046_5088762838114107392_n.jpg?w=940\" alt=\"\" class=\"wp-image-190\" style=\"aspect-ratio:1.1929170549860204;width:233px;height:auto\"\/><\/figure>\n<\/div>\n\n\n<p><em>Crescendo Slovensko je hnutie modlitebn\u00edkov a chv\u00e1li\u010dov, ktor\u00e9 sp\u00e1ja gener\u00e1cie a denomin\u00e1cie v modlitbe a p\u00f4ste za Cirkev na Slovensku. Chceme dv\u00edha\u0165 ruky na\u0161im pastorom, far\u00e1rom, k\u0148azom a ved\u00facim spolo\u010denstiev. Chceme spolu st\u00e1\u0165 ako jedna Nevesta, ktor\u00e1 sa pripravuje na svojho \u017den\u00edcha.<\/em>&nbsp;<\/p>\n\n\n\n<p><strong>Viac info tu:&nbsp;<a href=\"https:\/\/www.crescendoslovensko.com\/\">https:\/\/www.crescendoslovensko.com\/<\/a><\/strong><\/p>\n\n\n\n<h2 class=\"wp-block-heading alignwide\"><strong>Kurzy a semin\u00e1re, ktor\u00e9 organizujeme na pozvania vo farnostiach a spolo\u010denstv\u00e1ch<\/strong><\/h2>\n\n\n\n<h6 class=\"wp-block-heading alignwide\" style=\"font-style:italic;font-weight:400;text-transform:capitalize\"><strong>Sieversov semin\u00e1r<\/strong><\/h6>\n\n\n\n<h6 class=\"wp-block-heading alignwide\" style=\"font-style:italic;font-weight:400;text-transform:lowercase\"><em>Semin\u00e1r \u017divot v Duchu&nbsp;(Sieversov semin\u00e1r)&nbsp;je n\u00e1strojom, ktor\u00fd m\u00e1 \u013eud\u00ed priv\u00e1dza\u0165 k hlb\u0161iemu kres\u0165ansk\u00e9mu \u017eivotu v sile Ducha Sv\u00e4t\u00e9ho. Ka\u017ed\u00fd kres\u0165an u\u017e prijal Ducha Sv\u00e4t\u00e9ho vo sviatosti krstu a birmovania. Skrze semin\u00e1r \u017eivot v Duchu maj\u00fa by\u0165 \u00fa\u010dastn\u00edci uschopnen\u00ed k tomu, aby svoj \u017eivot formovali nov\u00fdm sp\u00f4sobom \u2013 z Je\u017ei\u0161ovho Ducha a z Jeho sily.<\/em><\/h6>\n\n\n\n<h6 class=\"wp-block-heading alignwide\" style=\"font-style:italic;font-weight:400;text-transform:lowercase\">K<em>a\u017ed\u00fd \u00fa\u010dastn\u00edk tohto semin\u00e1ra m\u00f4\u017ee vo viere o\u010dak\u00e1va\u0165, v\u017edy in\u00fdm a ka\u017ed\u00e9mu primeran\u00fdm sp\u00f4sobom, z\u00e1\u017eitok nov\u00fdch osobn\u00fdch Tur\u00edc. Preto m\u00f4\u017ee o\u010dak\u00e1va\u0165 podobn\u00fd, \u017eivot premie\u0148aj\u00faci zvrat, ak\u00fd za\u017eili apo\u0161toli, zhroma\u017eden\u00ed v modlitbe s M\u00e1riou, pri vyliat\u00ed Ducha Sv\u00e4t\u00e9ho na Tur\u00edce.<\/em><\/h6>\n\n\n\n<h6 class=\"wp-block-heading alignwide\" style=\"font-style:italic;font-weight:400;text-transform:capitalize\"><strong>Prorock\u00e1 v\u00edkendovka<\/strong><\/h6>\n\n\n\n<h6 class=\"wp-block-heading alignwide\" style=\"font-style:italic;font-weight:400;text-transform:lowercase\"><em>V\u00edkendov\u00fd semin\u00e1r o tom, ako Po\u010du\u0165 Bo\u017e\u00ed hlas a ako vstupova\u0165 do prorock\u00fdch darov pod\u013ea 1Kor 14, 3-5 \u201cAle kto prorokuje, hovor\u00ed \u013eu\u010fom na budovanie, povzbudenie a pote\u0161enie. Kto hovor\u00ed jazykmi buduje seba, ale kto prorokuje buduje cirkev, preto chcem, aby ste v\u0161etci hovorili jazykmi, ale e\u0161te viac, aby ste prorokovali.\u201c<\/em><\/h6>\n\n\n\n<h6 class=\"wp-block-heading alignwide\" style=\"font-style:italic;font-weight:400;text-transform:lowercase\"><em>Zdroj nie je v dare samotnom, ale v OTCOVOM srdci. A \u010d\u00edm viac budeme pozna\u0165 Otcovo srdce, t\u00fdm lep\u0161ie a \u013eah\u0161ie sa n\u00e1m bude prorokova\u0165. Tak\u017ee to nie je o&nbsp;technike ale o&nbsp;vz\u0165ahu s&nbsp;N\u00edm. Prorokovanie je pre ka\u017ed\u00e9ho z n\u00e1s. Lebo Boh Otec poz\u00fdva do vz\u0165ahu ka\u017ed\u00e9ho z n\u00e1s. Chce ma\u0165 z ka\u017ed\u00fdm z n\u00e1s bl\u00edzky vz\u0165ah a preto chce odkr\u00fdva\u0165 t\u00fa\u017eby jeho srdca nie len pre n\u00e1s, ale aj pre in\u00fdch. Preto ver\u00edme, \u017ee ak chceme budova\u0165 cirkev, potrebujeme r\u00e1s\u0165 v prorockom obdarovan\u00ed.<\/em><\/h6>\n\n\n\n<h6 class=\"wp-block-heading alignwide\" style=\"font-style:italic;font-weight:400;text-transform:capitalize\"><strong>Evanjeliz\u00e1cie pre farnosti<\/strong><\/h6>\n\n\n\n<h6 class=\"wp-block-heading alignwide\" style=\"font-style:italic;font-weight:400;text-transform:lowercase\">A<em>k<\/em>&nbsp;<em>t\u00fa\u017eite po tom, aby aj do Va\u0161ej farnosti pri\u0161lo ob\u010derstvenie, povzbudenie a odpustenie , tak V\u00e1m radi pom\u00f4\u017eeme zorganizova\u0165 evanjeliza\u010dn\u00e9 podujatie ( v\u017edy s po\u017eehnan\u00edm miestneho k\u0148aza ).<\/em><\/h6>\n\n\n\n<h6 class=\"wp-block-heading alignwide\" style=\"font-style:italic;font-weight:400;text-transform:capitalize\"><strong>Vz\u0165ahy, chodenie, sexualita<\/strong><\/h6>\n\n\n\n<h6 class=\"wp-block-heading alignwide\" style=\"font-style:italic;font-weight:400;text-transform:lowercase\"><em>Predn\u00e1\u0161ky pre mlad\u00fdch a man\u017eelsk\u00e9 p\u00e1ry o tom, ako ma\u0165 kr\u00e1sne chodenie a man\u017eelstvo.<\/em><\/h6>\n\n\n\n<h6 class=\"wp-block-heading alignwide\" style=\"font-style:italic;font-weight:400;text-transform:capitalize\"><strong>4 pili\u00e9re duchovn\u00e9ho rastu<\/strong><\/h6>\n\n\n\n<h6 class=\"wp-block-heading alignwide\" style=\"font-style:italic;font-weight:400;text-transform:lowercase\"><em>V\u00edkendov\u00fd kurz na z\u00e1klade Sk 2, 42 o Bo\u017eom slove, modlitbe, Eucharistii a Spolo\u010denstve ako z\u00e1kladn\u00fdch pilieroch duchovn\u00e9ho \u017eivota.<\/em><\/h6>\n\n\n\n<h2 class=\"wp-block-heading alignwide\"><strong>Spolupracujeme s \u010fal\u0161\u00edmi projektami<\/strong>, organiz\u00e1ciami<\/h2>\n\n\n\n<h6 class=\"wp-block-heading alignwide\" style=\"font-style:italic;font-weight:400;text-transform:capitalize\"><strong><em>\u0160kola Otcove srdce<\/em><\/strong>&nbsp;\u2013&nbsp;<a href=\"https:\/\/seminarotcovosrdce.sk\/\">\/https:\/\/seminarotcovosrdce.sk\/<\/a><\/h6>\n\n\n\n<h6 class=\"wp-block-heading alignwide\" style=\"font-style:italic;font-weight:400;text-transform:capitalize\"><em><strong>Premena Tour<\/strong><\/em>&nbsp;\u2013&nbsp;<a href=\"https:\/\/awakening.sk\/premena-tour\/\">https:\/\/awakening.sk\/premena-tour\/<\/a><\/h6>\n\n\n\n<h6 class=\"wp-block-heading alignwide\" style=\"font-style:italic;font-weight:400;text-transform:capitalize\"><strong><em>TWC <\/em><\/strong>\u2013<strong><em> <\/em><\/strong><a href=\"https:\/\/www.twc.sk\/\">https:\/\/www.twc.sk\/<\/a><\/h6>\n\n\n\n<h6 class=\"wp-block-heading alignwide\" style=\"font-style:italic;font-weight:400;text-transform:capitalize\"><strong><em>Godzone<\/em><\/strong>&nbsp;\u2013&nbsp;<a href=\"http:\/\/www.godzone.sk\/\">www.godzone.sk<\/a><\/h6>\n\n\n\n<h6 class=\"wp-block-heading alignwide\" style=\"font-style:italic;font-weight:400;text-transform:capitalize\"><strong><em>TJCII ( Smerom k 2. Jeruzalemsk\u00e9mu koncilu )<\/em><\/strong>&nbsp;\u2013&nbsp;<a href=\"http:\/\/www.tjcii.sk\/\">http:\/\/www.tjcii.sk<\/a><\/h6>\n\n\n\n<h6 class=\"wp-block-heading alignwide\" style=\"font-style:italic;font-weight:400;text-transform:capitalize\"><strong><em>ICEJ<\/em><\/strong> \u2013<strong><em> <\/em><\/strong><a href=\"https:\/\/www.icej.sk\/\">https:\/\/www.icej.sk\/<\/a><\/h6>\n\n\n\n<h6 class=\"wp-block-heading alignwide\" style=\"font-style:italic;font-weight:400;text-transform:capitalize\"><strong><em>Modlitby 24\/7<\/em><\/strong>&nbsp;\u2013&nbsp;<a href=\"https:\/\/www.modlitby24-7.net\/\">https:\/\/www.modlitby24-7.net\/<\/a><\/h6>\n\n\n\n<h6 class=\"wp-block-heading alignwide\" style=\"font-style:italic;font-weight:400;text-transform:capitalize\"><strong><em>Credo nada\u010dn\u00fd fond <\/em><\/strong>\u2013 <a href=\"https:\/\/www.credonf.cz\/\">https:\/\/www.credonf.cz\/<\/a><\/h6>\n\n\n\n<h6 class=\"wp-block-heading alignwide\" style=\"font-style:italic;font-weight:400;text-transform:capitalize\"><strong><em>Sigord<\/em><\/strong> \u2013 <a href=\"http:\/\/centrumsigord.sk\/\">http:\/\/centrumsigord.sk\/<\/a><\/h6>\n\n\n\n<h6 class=\"wp-block-heading alignwide\" style=\"font-style:italic;font-weight:400;text-transform:capitalize\"><strong><em>Rodinkovo<\/em><\/strong> \u2013 <a href=\"https:\/\/www.rodinkovo.sk\/\">https:\/\/www.rodinkovo.sk\/<\/a><\/h6>\n\n\n\n<h6 class=\"wp-block-heading alignwide\" style=\"font-style:italic;font-weight:400;text-transform:capitalize\"><strong><em>Campfest<\/em><\/strong>&nbsp;\u2013&nbsp;<a href=\"https:\/\/www.campfest.sk\/\">https:\/\/www.campfest.sk<\/a><\/h6>\n\n\n\n<h6 class=\"wp-block-heading alignwide\" style=\"font-style:italic;font-weight:400;text-transform:capitalize\"><strong><em>ZKSM<\/em><\/strong>&nbsp;\u2013&nbsp;<a href=\"https:\/\/zksm.sk\/\">https:\/\/zksm.sk\/<\/a><\/h6>\n\n\n\n<h6 class=\"wp-block-heading alignwide\" style=\"font-style:italic;font-weight:400;text-transform:capitalize\"><strong><em>DCV\u010c<\/em><\/strong>&nbsp;\u2013&nbsp;<a href=\"https:\/\/vazec-centrum.sk\/\">https:\/\/vazec-centrum.sk\/<\/a><\/h6>\n\n\n\n<h6 class=\"wp-block-heading alignwide\" style=\"font-style:italic;font-weight:400;text-transform:lowercase\">a mnoh\u00fdmi spolo\u010denstvami zdru\u017een\u00fdmi v platforme Charis Slovensko &#8211; <a href=\"https:\/\/www.charis-slovensko.sk\/\">https:\/\/www.charis-slovensko.sk\/<\/a><\/h6>\n\n\n\n<p><\/p>\n","protected":false},"excerpt":{"rendered":"<p>Modlitba, Bo\u017eie slovo,&nbsp;vz\u0165ahy V na\u0161ich priestoroch Nemocni\u010dn\u00e1 1 sa spolo\u010dne stret\u00e1vame ka\u017ed\u00fd de\u0148 po\u010das \u0161kolsk\u00e9ho roka od 10:00 do 12:00&nbsp;a modl\u00edme sa za na\u0161u farnos\u0165, k\u0148azov, prim\u00e1tora, na\u0161e mesto, zdravotn\u00edctvo, \u0161kolstvo, \u00farady \u2026&nbsp;Ste pozvan\u00ed by\u0165 \u00fa\u010dastn\u00ed t\u00fdchto modlitieb spolu s nami. D\u00e1mska jazda&nbsp;\u2013&nbsp;Stret\u00e1vame sa&nbsp;v na\u0161ich priestoroch Nemocni\u010dn\u00e1 1,&nbsp;kde m\u00e1me spolo\u010dne chv\u00e1ly, modlitbu, zdie\u013eanie a nejak\u00e9 [&hellip;]<\/p>\n","protected":false},"author":1,"featured_media":213,"parent":0,"menu_order":0,"comment_status":"closed","ping_status":"closed","template":"templates\/template-cover.php","meta":{"footnotes":""},"class_list":["post-238","page","type-page","status-publish","has-post-thumbnail","hentry"],"_links":{"self":[{"href":"https:\/\/www.spolocenstvosne.sk\/index.php?rest_route=\/wp\/v2\/pages\/238","targetHints":{"allow":["GET"]}}],"collection":[{"href":"https:\/\/www.spolocenstvosne.sk\/index.php?rest_route=\/wp\/v2\/pages"}],"about":[{"href":"https:\/\/www.spolocenstvosne.sk\/index.php?rest_route=\/wp\/v2\/types\/page"}],"author":[{"embeddable":true,"href":"https:\/\/www.spolocenstvosne.sk\/index.php?rest_route=\/wp\/v2\/users\/1"}],"replies":[{"embeddable":true,"href":"https:\/\/www.spolocenstvosne.sk\/index.php?rest_route=%2Fwp%2Fv2%2Fcomments&post=238"}],"version-history":[{"count":16,"href":"https:\/\/www.spolocenstvosne.sk\/index.php?rest_route=\/wp\/v2\/pages\/238\/revisions"}],"predecessor-version":[{"id":293,"href":"https:\/\/www.spolocenstvosne.sk\/index.php?rest_route=\/wp\/v2\/pages\/238\/revisions\/293"}],"wp:featuredmedia":[{"embeddable":true,"href":"https:\/\/www.spolocenstvosne.sk\/index.php?rest_route=\/wp\/v2\/media\/213"}],"wp:attachment":[{"href":"https:\/\/www.spolocenstvosne.sk\/index.php?rest_route=%2Fwp%2Fv2%2Fmedia&parent=238"}],"curies":[{"name":"wp","href":"https:\/\/api.w.org\/{rel}","templated":true}]}}